{"id":34,"date":"2016-09-09T15:53:15","date_gmt":"2016-09-09T15:53:15","guid":{"rendered":"http:\/\/premierssoinsqc.org\/accueil2\/?page_id=34"},"modified":"2019-01-04T00:12:32","modified_gmt":"2019-01-04T04:12:32","slug":"lequipe","status":"publish","type":"page","link":"http:\/\/premierssoinsqc.org\/accueil2\/lequipe\/","title":{"rendered":"L&rsquo;\u00e9quipe"},"content":{"rendered":"<h2 style=\"text-align: center;\"><span style=\"text-decoration: underline;\">Notre \u00e9quipe de gestion<\/span><\/h2>\n<h3><strong>Direction<\/strong><\/h3>\n<p><em>Ils voient \u00e0 la direction quotidienne de l&rsquo;entreprise et \u00e0 son administration.<\/em><\/p>\n<p style=\"text-align: center;\"><div class=\"ots-team-view\" id=\"\" data-id=\"ots-69f35aea4c7c8\">\r\n<div id=\"sc_our_team\" class=\"grid_circles2 sc-col4\">\r\n\r\n    <div class=\"clear\"><\/div>\r\n\r\n    \r\n        \r\n                \r\n            <div itemscope itemtype=\"http:\/\/schema.org\/Person\" \r\n                 class=\"sc_team_member\" \r\n                 data-id=\"36\"\r\n                data-group=\"Administrateurs;Direction\">\r\n\r\n                <div class=\"sc_team_member_inner\">\r\n\r\n                    <img loading=\"lazy\" decoding=\"async\" width=\"1024\" height=\"859\" src=\"http:\/\/premierssoinsqc.org\/accueil2\/wp-content\/uploads\/2016\/09\/PO2018-1024x859.png\" class=\"attachment-large size-large wp-post-image\" alt=\"\" srcset=\"http:\/\/premierssoinsqc.org\/accueil2\/wp-content\/uploads\/2016\/09\/PO2018-1024x859.png 1024w, http:\/\/premierssoinsqc.org\/accueil2\/wp-content\/uploads\/2016\/09\/PO2018-300x252.png 300w, http:\/\/premierssoinsqc.org\/accueil2\/wp-content\/uploads\/2016\/09\/PO2018-768x644.png 768w\" sizes=\"auto, (max-width: 1024px) 100vw, 1024px\" \/>\r\n                    \r\n                        <div itemprop=\"name\" class=\"sc_team_member_name\">\r\n\r\n                            \r\n                                <a href=\"http:\/\/premierssoinsqc.org\/accueil2\/team_member\/philippe-olivier-belcourt\/\" rel=\"bookmark\" class=\"team_member_link\">\r\n\r\n                                    Philippe-Olivier Belcourt\r\n                                <\/a>\r\n\r\n                            \r\n                        <\/div>\r\n\r\n                    \r\n                    \r\n                        <div itemprop=\"jobtitle\" class=\"sc_team_member_jobtitle\">\r\n                            <span>Directeur<\/span>\r\n                        <\/div>\r\n\r\n                    \r\n                    <div class=\"icons \">\r\n                        <a  class=\"sc_social\"  target=\"_blank\" href=\"mailto:pobelcourt@premierssoinsqc.org\"><img decoding=\"async\" src=\"http:\/\/premierssoinsqc.org\/accueil2\/wp-content\/plugins\/our-team-enhanced\/assets\/images\/social\/email.png\"\/><\/a>                    <\/div>\r\n\r\n                    <div class=\"sc_team_member_overlay\"><\/div>\r\n\r\n                <\/div>\r\n\r\n            <\/div>\r\n\r\n            \r\n        \r\n                \r\n            <div itemscope itemtype=\"http:\/\/schema.org\/Person\" \r\n                 class=\"sc_team_member\" \r\n                 data-id=\"38\"\r\n                data-group=\"Administrateurs;Direction\">\r\n\r\n                <div class=\"sc_team_member_inner\">\r\n\r\n                    <img loading=\"lazy\" decoding=\"async\" width=\"1024\" height=\"844\" src=\"http:\/\/premierssoinsqc.org\/accueil2\/wp-content\/uploads\/2016\/09\/Maude2018-1024x844.png\" class=\"attachment-large size-large wp-post-image\" alt=\"\" srcset=\"http:\/\/premierssoinsqc.org\/accueil2\/wp-content\/uploads\/2016\/09\/Maude2018-1024x844.png 1024w, http:\/\/premierssoinsqc.org\/accueil2\/wp-content\/uploads\/2016\/09\/Maude2018-300x247.png 300w, http:\/\/premierssoinsqc.org\/accueil2\/wp-content\/uploads\/2016\/09\/Maude2018-768x633.png 768w\" sizes=\"auto, (max-width: 1024px) 100vw, 1024px\" \/>\r\n                    \r\n                        <div itemprop=\"name\" class=\"sc_team_member_name\">\r\n\r\n                            \r\n                                <a href=\"http:\/\/premierssoinsqc.org\/accueil2\/team_member\/maude-belcourt\/\" rel=\"bookmark\" class=\"team_member_link\">\r\n\r\n                                    Maude Belcourt\r\n                                <\/a>\r\n\r\n                            \r\n                        <\/div>\r\n\r\n                    \r\n                    \r\n                        <div itemprop=\"jobtitle\" class=\"sc_team_member_jobtitle\">\r\n                            <span>Directrice-adjointe - Soutien aux op\u00e9rations<\/span>\r\n                        <\/div>\r\n\r\n                    \r\n                    <div class=\"icons \">\r\n                        <a  class=\"sc_social\"  target=\"_blank\" href=\"mailto:mbelcourt@premierssoinsqc.org\"><img decoding=\"async\" src=\"http:\/\/premierssoinsqc.org\/accueil2\/wp-content\/plugins\/our-team-enhanced\/assets\/images\/social\/email.png\"\/><\/a>                    <\/div>\r\n\r\n                    <div class=\"sc_team_member_overlay\"><\/div>\r\n\r\n                <\/div>\r\n\r\n            <\/div>\r\n\r\n            \r\n        \r\n                \r\n            <div itemscope itemtype=\"http:\/\/schema.org\/Person\" \r\n                 class=\"sc_team_member\" \r\n                 data-id=\"40\"\r\n                data-group=\"Administrateurs;Direction\">\r\n\r\n                <div class=\"sc_team_member_inner\">\r\n\r\n                    <img loading=\"lazy\" decoding=\"async\" width=\"1024\" height=\"896\" src=\"http:\/\/premierssoinsqc.org\/accueil2\/wp-content\/uploads\/2016\/09\/462038A2-566C-42E0-8570-EAE8C5E0FAF5-1024x896.jpeg\" class=\"attachment-large size-large wp-post-image\" alt=\"\" srcset=\"http:\/\/premierssoinsqc.org\/accueil2\/wp-content\/uploads\/2016\/09\/462038A2-566C-42E0-8570-EAE8C5E0FAF5-1024x896.jpeg 1024w, http:\/\/premierssoinsqc.org\/accueil2\/wp-content\/uploads\/2016\/09\/462038A2-566C-42E0-8570-EAE8C5E0FAF5-300x262.jpeg 300w, http:\/\/premierssoinsqc.org\/accueil2\/wp-content\/uploads\/2016\/09\/462038A2-566C-42E0-8570-EAE8C5E0FAF5-768x672.jpeg 768w\" sizes=\"auto, (max-width: 1024px) 100vw, 1024px\" \/>\r\n                    \r\n                        <div itemprop=\"name\" class=\"sc_team_member_name\">\r\n\r\n                            \r\n                                <a href=\"http:\/\/premierssoinsqc.org\/accueil2\/team_member\/justin-lefebvre\/\" rel=\"bookmark\" class=\"team_member_link\">\r\n\r\n                                    Justin Lefebvre\r\n                                <\/a>\r\n\r\n                            \r\n                        <\/div>\r\n\r\n                    \r\n                    \r\n                        <div itemprop=\"jobtitle\" class=\"sc_team_member_jobtitle\">\r\n                            <span>Directeur-adjoint - Op\u00e9rations<\/span>\r\n                        <\/div>\r\n\r\n                    \r\n                    <div class=\"icons \">\r\n                        <a  class=\"sc_social\"  target=\"_blank\" href=\"mailto:jlefebvre@premierssoinsqc.org\"><img decoding=\"async\" src=\"http:\/\/premierssoinsqc.org\/accueil2\/wp-content\/plugins\/our-team-enhanced\/assets\/images\/social\/email.png\"\/><\/a>                    <\/div>\r\n\r\n                    <div class=\"sc_team_member_overlay\"><\/div>\r\n\r\n                <\/div>\r\n\r\n            <\/div>\r\n\r\n            \r\n        \r\n    \r\n    <div class=\"clear\"><\/div>\r\n\r\n<\/div>\r\n<\/div><\/p>\n<h3><strong>Chefs de division<\/strong><\/h3>\n<p><em>Ils g\u00e8rent une division de l&rsquo;entreprise : op\u00e9rations (services m\u00e9dicaux d&rsquo;urgence) et le soutien op\u00e9rationnel (formation, assurance-qualit\u00e9, services-conseils, administration, \u00e9quipements&#8230;).<\/em><\/p>\n<p style=\"text-align: center;\"><div class=\"ots-team-view\" id=\"\" data-id=\"ots-69f35aea4ecbc\">\r\n<div id=\"sc_our_team\" class=\"grid_circles2 sc-col4\">\r\n\r\n    <div class=\"clear\"><\/div>\r\n\r\n    \r\n        \r\n                \r\n            <div itemscope itemtype=\"http:\/\/schema.org\/Person\" \r\n                 class=\"sc_team_member\" \r\n                 data-id=\"46\"\r\n                data-group=\"Chefs de divisions\">\r\n\r\n                <div class=\"sc_team_member_inner\">\r\n\r\n                    <img loading=\"lazy\" decoding=\"async\" width=\"640\" height=\"960\" src=\"http:\/\/premierssoinsqc.org\/accueil2\/wp-content\/uploads\/2016\/09\/391232_10150400741548791_1275543904_n.jpg\" class=\"attachment-large size-large wp-post-image\" alt=\"\" srcset=\"http:\/\/premierssoinsqc.org\/accueil2\/wp-content\/uploads\/2016\/09\/391232_10150400741548791_1275543904_n.jpg 640w, http:\/\/premierssoinsqc.org\/accueil2\/wp-content\/uploads\/2016\/09\/391232_10150400741548791_1275543904_n-200x300.jpg 200w\" sizes=\"auto, (max-width: 640px) 100vw, 640px\" \/>\r\n                    \r\n                        <div itemprop=\"name\" class=\"sc_team_member_name\">\r\n\r\n                            \r\n                                <a href=\"http:\/\/premierssoinsqc.org\/accueil2\/team_member\/sylvie-aubin\/\" rel=\"bookmark\" class=\"team_member_link\">\r\n\r\n                                    Sylvie Aubin\r\n                                <\/a>\r\n\r\n                            \r\n                        <\/div>\r\n\r\n                    \r\n                    \r\n                        <div itemprop=\"jobtitle\" class=\"sc_team_member_jobtitle\">\r\n                            <span>Chef de division - Soutien op\u00e9rationnel<\/span>\r\n                        <\/div>\r\n\r\n                    \r\n                    <div class=\"icons \">\r\n                        <a  class=\"sc_social\"  target=\"_blank\" href=\"mailto:saubin@premierssoinsqc.org\"><img decoding=\"async\" src=\"http:\/\/premierssoinsqc.org\/accueil2\/wp-content\/plugins\/our-team-enhanced\/assets\/images\/social\/email.png\"\/><\/a>                    <\/div>\r\n\r\n                    <div class=\"sc_team_member_overlay\"><\/div>\r\n\r\n                <\/div>\r\n\r\n            <\/div>\r\n\r\n            \r\n        \r\n                \r\n            <div itemscope itemtype=\"http:\/\/schema.org\/Person\" \r\n                 class=\"sc_team_member\" \r\n                 data-id=\"120\"\r\n                data-group=\"Chefs de divisions\">\r\n\r\n                <div class=\"sc_team_member_inner\">\r\n\r\n                    <img loading=\"lazy\" decoding=\"async\" width=\"1024\" height=\"898\" src=\"http:\/\/premierssoinsqc.org\/accueil2\/wp-content\/uploads\/2017\/09\/Guillaume2018-1024x898.png\" class=\"attachment-large size-large wp-post-image\" alt=\"\" srcset=\"http:\/\/premierssoinsqc.org\/accueil2\/wp-content\/uploads\/2017\/09\/Guillaume2018-1024x898.png 1024w, http:\/\/premierssoinsqc.org\/accueil2\/wp-content\/uploads\/2017\/09\/Guillaume2018-300x263.png 300w, http:\/\/premierssoinsqc.org\/accueil2\/wp-content\/uploads\/2017\/09\/Guillaume2018-768x673.png 768w\" sizes=\"auto, (max-width: 1024px) 100vw, 1024px\" \/>\r\n                    \r\n                        <div itemprop=\"name\" class=\"sc_team_member_name\">\r\n\r\n                            \r\n                                <a href=\"http:\/\/premierssoinsqc.org\/accueil2\/team_member\/guillaume-benoit\/\" rel=\"bookmark\" class=\"team_member_link\">\r\n\r\n                                    Guillaume Benoit\r\n                                <\/a>\r\n\r\n                            \r\n                        <\/div>\r\n\r\n                    \r\n                    \r\n                        <div itemprop=\"jobtitle\" class=\"sc_team_member_jobtitle\">\r\n                            <span>Chef de division - Op\u00e9rations<\/span>\r\n                        <\/div>\r\n\r\n                    \r\n                    <div class=\"icons \">\r\n                        <a  class=\"sc_social\"  target=\"_blank\" href=\"mailto:gbenoit@premierssoinsqc.org\"><img decoding=\"async\" src=\"http:\/\/premierssoinsqc.org\/accueil2\/wp-content\/plugins\/our-team-enhanced\/assets\/images\/social\/email.png\"\/><\/a>                    <\/div>\r\n\r\n                    <div class=\"sc_team_member_overlay\"><\/div>\r\n\r\n                <\/div>\r\n\r\n            <\/div>\r\n\r\n            \r\n        \r\n    \r\n    <div class=\"clear\"><\/div>\r\n\r\n<\/div>\r\n<\/div><\/p>\n<h3><strong>Chefs aux op\u00e9rations et conseillers<\/strong><\/h3>\n<p><em>Ils voient \u00e0 la supervision du personnel lors des \u00e9v\u00e9nements et contribuent au d\u00e9veloppement de l&rsquo;entreprise \u00e0 titre de personnes-ressources.<\/em><\/p>\n<p style=\"text-align: center;\"><div class=\"ots-team-view\" id=\"\" data-id=\"ots-69f35aea50698\">\r\n<div id=\"sc_our_team\" class=\"grid_circles2 sc-col4\">\r\n\r\n    <div class=\"clear\"><\/div>\r\n\r\n    \r\n        \r\n                \r\n            <div itemscope itemtype=\"http:\/\/schema.org\/Person\" \r\n                 class=\"sc_team_member\" \r\n                 data-id=\"44\"\r\n                data-group=\"Chefs aux op\u00e9rations\">\r\n\r\n                <div class=\"sc_team_member_inner\">\r\n\r\n                    <img loading=\"lazy\" decoding=\"async\" width=\"211\" height=\"210\" src=\"http:\/\/premierssoinsqc.org\/accueil2\/wp-content\/uploads\/2016\/09\/168738_493847109871_4350104_n.jpg\" class=\"attachment-large size-large wp-post-image\" alt=\"\" srcset=\"http:\/\/premierssoinsqc.org\/accueil2\/wp-content\/uploads\/2016\/09\/168738_493847109871_4350104_n.jpg 211w, http:\/\/premierssoinsqc.org\/accueil2\/wp-content\/uploads\/2016\/09\/168738_493847109871_4350104_n-150x150.jpg 150w\" sizes=\"auto, (max-width: 211px) 100vw, 211px\" \/>\r\n                    \r\n                        <div itemprop=\"name\" class=\"sc_team_member_name\">\r\n\r\n                            \r\n                                <a href=\"http:\/\/premierssoinsqc.org\/accueil2\/team_member\/pierre-belcourt\/\" rel=\"bookmark\" class=\"team_member_link\">\r\n\r\n                                    Pierre Belcourt\r\n                                <\/a>\r\n\r\n                            \r\n                        <\/div>\r\n\r\n                    \r\n                    \r\n                        <div itemprop=\"jobtitle\" class=\"sc_team_member_jobtitle\">\r\n                            <span>Chef aux op\u00e9rations - SST<\/span>\r\n                        <\/div>\r\n\r\n                    \r\n                    <div class=\"icons \">\r\n                        <a  class=\"sc_social\"  target=\"_blank\" href=\"mailto:pbelcourt@premierssoinsqc.org\"><img decoding=\"async\" src=\"http:\/\/premierssoinsqc.org\/accueil2\/wp-content\/plugins\/our-team-enhanced\/assets\/images\/social\/email.png\"\/><\/a>                    <\/div>\r\n\r\n                    <div class=\"sc_team_member_overlay\"><\/div>\r\n\r\n                <\/div>\r\n\r\n            <\/div>\r\n\r\n            \r\n        \r\n                \r\n            <div itemscope itemtype=\"http:\/\/schema.org\/Person\" \r\n                 class=\"sc_team_member\" \r\n                 data-id=\"48\"\r\n                data-group=\"Chefs aux op\u00e9rations\">\r\n\r\n                <div class=\"sc_team_member_inner\">\r\n\r\n                    <img loading=\"lazy\" decoding=\"async\" width=\"1024\" height=\"972\" src=\"http:\/\/premierssoinsqc.org\/accueil2\/wp-content\/uploads\/2016\/09\/22E73615-CAE3-429D-B4EE-C8F4AF775209-1024x972.jpeg\" class=\"attachment-large size-large wp-post-image\" alt=\"\" srcset=\"http:\/\/premierssoinsqc.org\/accueil2\/wp-content\/uploads\/2016\/09\/22E73615-CAE3-429D-B4EE-C8F4AF775209-1024x972.jpeg 1024w, http:\/\/premierssoinsqc.org\/accueil2\/wp-content\/uploads\/2016\/09\/22E73615-CAE3-429D-B4EE-C8F4AF775209-300x285.jpeg 300w, http:\/\/premierssoinsqc.org\/accueil2\/wp-content\/uploads\/2016\/09\/22E73615-CAE3-429D-B4EE-C8F4AF775209-768x729.jpeg 768w\" sizes=\"auto, (max-width: 1024px) 100vw, 1024px\" \/>\r\n                    \r\n                        <div itemprop=\"name\" class=\"sc_team_member_name\">\r\n\r\n                            \r\n                                <a href=\"http:\/\/premierssoinsqc.org\/accueil2\/team_member\/nicolas-cote\/\" rel=\"bookmark\" class=\"team_member_link\">\r\n\r\n                                    Nicolas C\u00f4t\u00e9\r\n                                <\/a>\r\n\r\n                            \r\n                        <\/div>\r\n\r\n                    \r\n                    \r\n                        <div itemprop=\"jobtitle\" class=\"sc_team_member_jobtitle\">\r\n                            <span>Chef aux op\u00e9rations<\/span>\r\n                        <\/div>\r\n\r\n                    \r\n                    <div class=\"icons \">\r\n                        <a  class=\"sc_social\"  target=\"_blank\" href=\"mailto:ncote@premierssoinsqc.org\"><img decoding=\"async\" src=\"http:\/\/premierssoinsqc.org\/accueil2\/wp-content\/plugins\/our-team-enhanced\/assets\/images\/social\/email.png\"\/><\/a>                    <\/div>\r\n\r\n                    <div class=\"sc_team_member_overlay\"><\/div>\r\n\r\n                <\/div>\r\n\r\n            <\/div>\r\n\r\n            \r\n        \r\n                \r\n            <div itemscope itemtype=\"http:\/\/schema.org\/Person\" \r\n                 class=\"sc_team_member\" \r\n                 data-id=\"145\"\r\n                data-group=\"Chefs aux op\u00e9rations\">\r\n\r\n                <div class=\"sc_team_member_inner\">\r\n\r\n                    <img loading=\"lazy\" decoding=\"async\" width=\"1024\" height=\"987\" src=\"http:\/\/premierssoinsqc.org\/accueil2\/wp-content\/uploads\/2018\/01\/\u00c9loise2018-1024x987.png\" class=\"attachment-large size-large wp-post-image\" alt=\"\" srcset=\"http:\/\/premierssoinsqc.org\/accueil2\/wp-content\/uploads\/2018\/01\/\u00c9loise2018-1024x987.png 1024w, http:\/\/premierssoinsqc.org\/accueil2\/wp-content\/uploads\/2018\/01\/\u00c9loise2018-300x289.png 300w, http:\/\/premierssoinsqc.org\/accueil2\/wp-content\/uploads\/2018\/01\/\u00c9loise2018-768x740.png 768w, http:\/\/premierssoinsqc.org\/accueil2\/wp-content\/uploads\/2018\/01\/\u00c9loise2018.png 1561w\" sizes=\"auto, (max-width: 1024px) 100vw, 1024px\" \/>\r\n                    \r\n                        <div itemprop=\"name\" class=\"sc_team_member_name\">\r\n\r\n                            \r\n                                <a href=\"http:\/\/premierssoinsqc.org\/accueil2\/team_member\/eloise-belcourt\/\" rel=\"bookmark\" class=\"team_member_link\">\r\n\r\n                                    \u00c9lo\u00efse Belcourt\r\n                                <\/a>\r\n\r\n                            \r\n                        <\/div>\r\n\r\n                    \r\n                    \r\n                        <div itemprop=\"jobtitle\" class=\"sc_team_member_jobtitle\">\r\n                            <span>Chef aux op\u00e9rations - Administration et communications<\/span>\r\n                        <\/div>\r\n\r\n                    \r\n                    <div class=\"icons \">\r\n                        <a  class=\"sc_social\"  target=\"_blank\" href=\"mailto:ebelcourt@premierssoinsqc.org\"><img decoding=\"async\" src=\"http:\/\/premierssoinsqc.org\/accueil2\/wp-content\/plugins\/our-team-enhanced\/assets\/images\/social\/email.png\"\/><\/a>                    <\/div>\r\n\r\n                    <div class=\"sc_team_member_overlay\"><\/div>\r\n\r\n                <\/div>\r\n\r\n            <\/div>\r\n\r\n            \r\n        \r\n                \r\n            <div itemscope itemtype=\"http:\/\/schema.org\/Person\" \r\n                 class=\"sc_team_member\" \r\n                 data-id=\"202\"\r\n                data-group=\"Administrateurs;Chefs aux op\u00e9rations\">\r\n\r\n                <div class=\"sc_team_member_inner\">\r\n\r\n                    <img decoding=\"async\" src=\"http:\/\/premierssoinsqc.org\/accueil2\/wp-content\/plugins\/our-team-enhanced\/assets\/images\/default-avatar.png\" class=\"attachment-medium wp-post-image\" width=\"\" height=\"\" \/>\r\n                    \r\n                        <div itemprop=\"name\" class=\"sc_team_member_name\">\r\n\r\n                            \r\n                                <a href=\"http:\/\/premierssoinsqc.org\/accueil2\/team_member\/cloe-bousamra\/\" rel=\"bookmark\" class=\"team_member_link\">\r\n\r\n                                    Clo\u00e9 Bousamra\r\n                                <\/a>\r\n\r\n                            \r\n                        <\/div>\r\n\r\n                    \r\n                    \r\n                        <div itemprop=\"jobtitle\" class=\"sc_team_member_jobtitle\">\r\n                            <span>Administratrice et infirmi\u00e8re<\/span>\r\n                        <\/div>\r\n\r\n                    \r\n                    <div class=\"icons \">\r\n                        <a  class=\"sc_social\"  target=\"_blank\" href=\"mailto:cbousamra@premierssoinsqc.org\"><img decoding=\"async\" src=\"http:\/\/premierssoinsqc.org\/accueil2\/wp-content\/plugins\/our-team-enhanced\/assets\/images\/social\/email.png\"\/><\/a>                    <\/div>\r\n\r\n                    <div class=\"sc_team_member_overlay\"><\/div>\r\n\r\n                <\/div>\r\n\r\n            <\/div>\r\n\r\n            \r\n        \r\n    \r\n    <div class=\"clear\"><\/div>\r\n\r\n<\/div>\r\n<\/div><\/p>\n<h3><strong>Nos intervenants<\/strong><\/h3>\n<ul>\n<li>4 infirmi\u00e8res<\/li>\n<li>2 param\u00e9dics<\/li>\n<li>24 secouristes ou premiers r\u00e9pondants (majorit\u00e9 d&rsquo;\u00e9tudiants en soins pr\u00e9hospitaliers ou soins infirmiers)<\/li>\n<\/ul>\n\n\n<p><\/p>\n","protected":false},"excerpt":{"rendered":"<p>Notre \u00e9quipe de gestion Direction Ils voient \u00e0 la direction quotidienne de l&rsquo;entreprise et \u00e0 son administration. Chefs de division Ils g\u00e8rent une division de l&rsquo;entreprise : op\u00e9rations (services m\u00e9dicaux d&rsquo;urgence) et le soutien op\u00e9rationnel (formation, assurance-qualit\u00e9, services-conseils, administration, \u00e9quipements&#8230;). Chefs aux op\u00e9rations et conseillers Ils voient \u00e0 la supervision du personnel lors des \u00e9v\u00e9nements [&hellip;]<\/p>\n","protected":false},"author":1,"featured_media":0,"parent":0,"menu_order":0,"comment_status":"closed","ping_status":"closed","template":"","meta":{"footnotes":""},"class_list":["post-34","page","type-page","status-publish","hentry"],"_links":{"self":[{"href":"http:\/\/premierssoinsqc.org\/accueil2\/wp-json\/wp\/v2\/pages\/34","targetHints":{"allow":["GET"]}}],"collection":[{"href":"http:\/\/premierssoinsqc.org\/accueil2\/wp-json\/wp\/v2\/pages"}],"about":[{"href":"http:\/\/premierssoinsqc.org\/accueil2\/wp-json\/wp\/v2\/types\/page"}],"author":[{"embeddable":true,"href":"http:\/\/premierssoinsqc.org\/accueil2\/wp-json\/wp\/v2\/users\/1"}],"replies":[{"embeddable":true,"href":"http:\/\/premierssoinsqc.org\/accueil2\/wp-json\/wp\/v2\/comments?post=34"}],"version-history":[{"count":17,"href":"http:\/\/premierssoinsqc.org\/accueil2\/wp-json\/wp\/v2\/pages\/34\/revisions"}],"predecessor-version":[{"id":223,"href":"http:\/\/premierssoinsqc.org\/accueil2\/wp-json\/wp\/v2\/pages\/34\/revisions\/223"}],"wp:attachment":[{"href":"http:\/\/premierssoinsqc.org\/accueil2\/wp-json\/wp\/v2\/media?parent=34"}],"curies":[{"name":"wp","href":"https:\/\/api.w.org\/{rel}","templated":true}]}}